{"id":351,"date":"2015-05-11T00:08:58","date_gmt":"2015-05-10T22:08:58","guid":{"rendered":"http:\/\/viertuerme.de\/?page_id=351"},"modified":"2015-11-25T10:01:31","modified_gmt":"2015-11-25T08:01:31","slug":"10-mai-15","status":"publish","type":"page","link":"http:\/\/viertuerme.de\/?page_id=351","title":{"rendered":"10. Mai &#8217;15"},"content":{"rendered":"<p>Wir sind gl\u00fccklich. Keine Zitterpartie mit Regenwolken!<br \/>\nAm Ende eines wundersch\u00f6nen Sommertages ein stimmiger Ausklang der vergangenen Woche mit ca 70 G\u00e4sten!<img loading=\"lazy\" decoding=\"async\" class=\"alignnone size-full wp-image-359\" src=\"http:\/\/viertuerme.de\/wp-content\/uploads\/anton2.jpg\" alt=\"anton2\" width=\"600\" height=\"252\" srcset=\"http:\/\/viertuerme.de\/wp-content\/uploads\/anton2.jpg 600w, http:\/\/viertuerme.de\/wp-content\/uploads\/anton2-300x126.jpg 300w, http:\/\/viertuerme.de\/wp-content\/uploads\/anton2-500x210.jpg 500w\" sizes=\"auto, (max-width: 600px) 100vw, 600px\" \/><\/p>\n<p>Hier ein live-Ausschnitt:<\/p>\n[audio:http:\/\/viertuerme.de\/wp-content\/uploads\/StAntonius2015.mp3|titles=2015 Antonius &#8211; VOM FREMDSEIN]\n<p><img loading=\"lazy\" decoding=\"async\" class=\" wp-image-362 size-medium alignnone\" src=\"http:\/\/viertuerme.de\/wp-content\/uploads\/anton4-203x300.jpg\" alt=\"anton4\" width=\"203\" height=\"300\" srcset=\"http:\/\/viertuerme.de\/wp-content\/uploads\/anton4-203x300.jpg 203w, http:\/\/viertuerme.de\/wp-content\/uploads\/anton4.jpg 406w\" sizes=\"auto, (max-width: 203px) 100vw, 203px\" \/><\/p>\n<p><a href=\"http:\/\/viertuerme.de\/wp-content\/uploads\/Programm-Antonius-2015.pdf\" target=\"_blank\"><img loading=\"lazy\" decoding=\"async\" class=\"alignnone size-full wp-image-358\" src=\"http:\/\/viertuerme.de\/wp-content\/uploads\/anton-programm.jpg\" alt=\"anton-programm\" width=\"100\" height=\"150\" \/>-&gt; Das Programmheft als pdf<\/a><\/p>\n<p><img loading=\"lazy\" decoding=\"async\" class=\"alignleft size-full wp-image-361\" src=\"http:\/\/viertuerme.de\/wp-content\/uploads\/anton3.jpg\" alt=\"anton3\" width=\"279\" height=\"500\" srcset=\"http:\/\/viertuerme.de\/wp-content\/uploads\/anton3.jpg 279w, http:\/\/viertuerme.de\/wp-content\/uploads\/anton3-167x300.jpg 167w\" sizes=\"auto, (max-width: 279px) 100vw, 279px\" \/>1968 hat <strong>Joseph Beuys<\/strong> \u00fcber eine Stunde lang &#8222;Ja ja ja&#8220;s und &#8222;Nee nee nee&#8220;s von sich gegeben. Zwei JAs und ein NEE sind davon an entsprechender Stelle in die Soundcollage gerutscht. Hier ist ein link zum Original: <a href=\"http:\/\/ubumexico.centro.org.mx\/sound\/beuys_joseph\/Beuys-Joseph_Ja-Ja-Ja.mp3\" target=\"_blank\">Ja ja ja, nee nee nee<\/a><\/p>\n<p><strong><img loading=\"lazy\" decoding=\"async\" class=\"alignnone size-full wp-image-360\" src=\"http:\/\/viertuerme.de\/wp-content\/uploads\/anton1.jpg\" alt=\"anton1\" width=\"800\" height=\"558\" srcset=\"http:\/\/viertuerme.de\/wp-content\/uploads\/anton1.jpg 800w, http:\/\/viertuerme.de\/wp-content\/uploads\/anton1-300x209.jpg 300w, http:\/\/viertuerme.de\/wp-content\/uploads\/anton1-430x300.jpg 430w\" sizes=\"auto, (max-width: 800px) 100vw, 800px\" \/><\/strong><\/p>\n","protected":false},"excerpt":{"rendered":"<p>Wir sind gl\u00fccklich. Keine Zitterpartie mit Regenwolken! Am Ende eines wundersch\u00f6nen Sommertages ein stimmiger Ausklang der vergangenen Woche mit ca 70 G\u00e4sten! Hier ein live-Ausschnitt: [audio:http:\/\/viertuerme.de\/wp-content\/uploads\/StAntonius2015.mp3|titles=2015 Antonius &#8211; VOM FREMDSEIN] -&gt; Das Programmheft als pdf 1968 hat Joseph Beuys \u00fcber &hellip; <a href=\"http:\/\/viertuerme.de\/?page_id=351\">Weiterlesen <span class=\"meta-nav\">&rarr;<\/span><\/a><\/p>\n","protected":false},"author":3,"featured_media":0,"parent":465,"menu_order":0,"comment_status":"closed","ping_status":"closed","template":"","meta":{"footnotes":""},"class_list":["post-351","page","type-page","status-publish","hentry"],"_links":{"self":[{"href":"http:\/\/viertuerme.de\/index.php?rest_route=\/wp\/v2\/pages\/351","targetHints":{"allow":["GET"]}}],"collection":[{"href":"http:\/\/viertuerme.de\/index.php?rest_route=\/wp\/v2\/pages"}],"about":[{"href":"http:\/\/viertuerme.de\/index.php?rest_route=\/wp\/v2\/types\/page"}],"author":[{"embeddable":true,"href":"http:\/\/viertuerme.de\/index.php?rest_route=\/wp\/v2\/users\/3"}],"replies":[{"embeddable":true,"href":"http:\/\/viertuerme.de\/index.php?rest_route=%2Fwp%2Fv2%2Fcomments&post=351"}],"version-history":[{"count":7,"href":"http:\/\/viertuerme.de\/index.php?rest_route=\/wp\/v2\/pages\/351\/revisions"}],"predecessor-version":[{"id":378,"href":"http:\/\/viertuerme.de\/index.php?rest_route=\/wp\/v2\/pages\/351\/revisions\/378"}],"up":[{"embeddable":true,"href":"http:\/\/viertuerme.de\/index.php?rest_route=\/wp\/v2\/pages\/465"}],"wp:attachment":[{"href":"http:\/\/viertuerme.de\/index.php?rest_route=%2Fwp%2Fv2%2Fmedia&parent=351"}],"curies":[{"name":"wp","href":"https:\/\/api.w.org\/{rel}","templated":true}]}}